{"id":477,"date":"2022-12-21T14:12:24","date_gmt":"2022-12-21T17:12:24","guid":{"rendered":"https:\/\/colegioeucaristicolaplata.edu.ar\/?page_id=477"},"modified":"2022-12-22T08:24:50","modified_gmt":"2022-12-22T11:24:50","slug":"tecnologiaeducativa","status":"publish","type":"page","link":"https:\/\/colegioeucaristicolaplata.edu.ar\/index.php\/tecnologiaeducativa\/","title":{"rendered":"Tecnolog\u00eda Educativa"},"content":{"rendered":"\n<section id=\"wp-block-themeisle-blocks-advanced-columns-81c1ee60\" class=\"wp-block-themeisle-blocks-advanced-columns alignfull has-1-columns has-desktop-equal-layout has-tablet-collapsedRows-layout has-mobile-collapsedRows-layout has-vertical-top\"><div class=\"wp-block-themeisle-blocks-advanced-columns-overlay\"><\/div><div class=\"innerblocks-wrap\">\n<div id=\"wp-block-themeisle-blocks-advanced-column-dd15fbf8\" class=\"wp-block-themeisle-blocks-advanced-column ticss-437f747c\">\n<p>Se denomina tecnolog\u00eda educativa al conjunto de conocimientos, aplicaciones y dispositivos que permiten la aplicaci\u00f3n de las herramientas tecnol\u00f3gicas en el \u00e1mbito de la educaci\u00f3n. Dicho de otro modo: se trata de la soluci\u00f3n de problemas educativos mediante el uso de la tecnolog\u00eda de la informaci\u00f3n.<\/p>\n\n\n\n<p>Gracias a la tecnolog\u00eda educativa, los docentes pueden planificar el proceso de aprendizaje y optimizar la tarea de ense\u00f1anza. Esto es posible gracias al uso de recursos tecnol\u00f3gicos, como computadoras, televisores, Internet, etc. Desde hace muchos a\u00f1os el Colegio busca favorecer el aprendizaje de las distintas \u00e1reas a trav\u00e9s de la Tecnolog\u00eda Educativa, as\u00ed como formar a sus estudiantes para que puedan hacer suyas las tecnolog\u00edas, que aprendan a usarlas y las usen para aquello que les sea \u00fatil, sean m\u00e1s creativos, comunicativos, mejor preparados y m\u00e1s capaces como individuos.<\/p>\n\n\n\n<p><strong>Nuestros Objetivos<\/strong><\/p>\n\n\n\n<ul>\n<li>Garantizar el acceso a la alfabetizaci\u00f3n digital en el marco de la sociedad de la informaci\u00f3n.<\/li>\n\n\n\n<li>Fomentar el uso de las Tecnolog\u00edas de la Informaci\u00f3n y la Comunicaci\u00f3n (TIC) como fuente de informaci\u00f3n y como plataforma de comunicaci\u00f3n e interacci\u00f3n.<\/li>\n\n\n\n<li>Desarrollar estrategias colaborativas y cooperativas en el alumnado para la b\u00fasqueda, localizaci\u00f3n, procesamiento y an\u00e1lisis cr\u00edtico de informaci\u00f3n a trav\u00e9s de Internet o de soportes digitales.<\/li>\n\n\n\n<li>Utilizar los recursos ofrecidos por las TIC para compartir experiencias con otros alumnos, mediante el intercambio de informaci\u00f3n con procedimientos s\u00edncronos y as\u00edncronos.<\/li>\n\n\n\n<li>Lograr habilidades en el manejo de las tecnolog\u00edas de uso frecuente y actual de manera que aprenda a usar los recursos como herramientas de trabajo, conociendo su precisi\u00f3n, capacidad y limitaciones.<\/li>\n\n\n\n<li>Formar ciudadanos digitales, con libertad responsable, para el buen uso de las tecnolog\u00edas existentes y las que vendr\u00e1n, priorizando los valores en todas y cada una de sus acciones.<\/li>\n<\/ul>\n\n\n\n<p><strong>Educaci\u00f3n Primaria<\/strong><\/p>\n\n\n\n<p>En el Nivel Primario, la tecnolog\u00eda inform\u00e1tica constituye una herramienta integrada a nuestras pr\u00e1cticas educativas, permitiendo potenciar aprendizajes significativos, descubrir en la computadora una herramienta valiosa y hacer un uso cr\u00edtico de ella en nuestra pr\u00e1ctica.<\/p>\n\n\n\n<p>Las clases del Taller son compartidas con las docentes de cada grado. En las mismas se trabajan contenidos de las \u00e1reas principales de acuerdo con las necesidades e intereses de los estudiantes.<\/p>\n\n\n\n<p><strong>Educaci\u00f3n Secundaria<\/strong><\/p>\n\n\n\n<p>La Inform\u00e1tica debe dar respuesta a las expectativas de formaci\u00f3n permanente y continua que exige el mundo globalizado y cambiante en el que estamos insertos, posibilitando el acceso a nuevos conocimientos con m\u00e1s facilidad, fidelidad y rapidez. Este espacio presenta al alumno los conceptos b\u00e1sicos relacionados con los conocimientos b\u00e1sicos de inform\u00e1tica, evoluci\u00f3n de la inform\u00e1tica, conceptos claves, l\u00f3gica de funcionamiento del hardware y software, funcionamiento de los sistemas operativos en cuanto a gesti\u00f3n de los recursos de un ordenador, fundamentos para el dise\u00f1o de elementos decorativos y tratamiento de fotograf\u00edas y dise\u00f1os de elementos decorativos para sitios Web.<\/p>\n<\/div>\n<\/div><\/section>\n","protected":false},"excerpt":{"rendered":"","protected":false},"author":1,"featured_media":0,"parent":0,"menu_order":0,"comment_status":"closed","ping_status":"closed","template":"","meta":{"_eb_attr":"","neve_meta_sidebar":"","neve_meta_container":"","neve_meta_enable_content_width":"","neve_meta_content_width":0,"neve_meta_title_alignment":"","neve_meta_author_avatar":"","neve_post_elements_order":"","neve_meta_disable_header":"","neve_meta_disable_footer":"","neve_meta_disable_title":"","neve_meta_reading_time":"","_themeisle_gutenberg_block_has_review":false,"_ti_tpc_template_sync":false,"_ti_tpc_template_id":""},"_links":{"self":[{"href":"https:\/\/colegioeucaristicolaplata.edu.ar\/index.php\/wp-json\/wp\/v2\/pages\/477"}],"collection":[{"href":"https:\/\/colegioeucaristicolaplata.edu.ar\/index.php\/wp-json\/wp\/v2\/pages"}],"about":[{"href":"https:\/\/colegioeucaristicolaplata.edu.ar\/index.php\/wp-json\/wp\/v2\/types\/page"}],"author":[{"embeddable":true,"href":"https:\/\/colegioeucaristicolaplata.edu.ar\/index.php\/wp-json\/wp\/v2\/users\/1"}],"replies":[{"embeddable":true,"href":"https:\/\/colegioeucaristicolaplata.edu.ar\/index.php\/wp-json\/wp\/v2\/comments?post=477"}],"version-history":[{"count":3,"href":"https:\/\/colegioeucaristicolaplata.edu.ar\/index.php\/wp-json\/wp\/v2\/pages\/477\/revisions"}],"predecessor-version":[{"id":571,"href":"https:\/\/colegioeucaristicolaplata.edu.ar\/index.php\/wp-json\/wp\/v2\/pages\/477\/revisions\/571"}],"wp:attachment":[{"href":"https:\/\/colegioeucaristicolaplata.edu.ar\/index.php\/wp-json\/wp\/v2\/media?parent=477"}],"curies":[{"name":"wp","href":"https:\/\/api.w.org\/{rel}","templated":true}]}}